{"id":2273,"date":"2022-04-13T22:07:33","date_gmt":"2022-04-13T22:07:33","guid":{"rendered":"http:\/\/taval.bikebuzzbd.com\/?page_id=3"},"modified":"2023-05-15T15:20:33","modified_gmt":"2023-05-15T13:20:33","slug":"privacy-policy-2","status":"publish","type":"page","link":"https:\/\/camping-lapetitemotte.com\/fr_fr\/privacy-policy-2\/","title":{"rendered":"Mentions L\u00e9gales"},"content":{"rendered":"\t\t<div data-elementor-type=\"wp-page\" data-elementor-id=\"2273\" class=\"elementor elementor-2273\" data-elementor-post-type=\"page\">\n\t\t\t\t\t\t<section data-exad-particle-enable=\"false\" class=\"elementor-section elementor-top-section elementor-element elementor-element-514e615 elementor-section-full_width elementor-section-height-default elementor-section-height-default exad-parallax-effect-no exad-background-color-change-no exad-glass-effect-no exad-sticky-section-no\" data-id=\"514e615\" data-element_type=\"section\" data-e-type=\"section\">\n\t\t\t\t\t\t<div class=\"elementor-container elementor-column-gap-default\">\n\t\t\t\t\t<div class=\"elementor-column elementor-col-100 elementor-top-column elementor-element elementor-element-cfca919 exad-glass-effect-no exad-sticky-section-no\" data-id=\"cfca919\" data-element_type=\"column\" data-e-type=\"column\">\n\t\t\t<div class=\"elementor-widget-wrap elementor-element-populated\">\n\t\t\t\t\t\t<div class=\"elementor-element elementor-element-fe6b3bc exad-sticky-section-no exad-glass-effect-no elementor-widget elementor-widget-image\" data-id=\"fe6b3bc\" data-element_type=\"widget\" data-e-type=\"widget\" data-widget_type=\"image.default\">\n\t\t\t\t<div class=\"elementor-widget-container\">\n\t\t\t\t\t\t\t\t\t\t\t\t\t\t\t<img decoding=\"async\" src=\"http:\/\/camping-lapetitemotte.com\/wp-content\/uploads\/2023\/03\/slide-camping.jpg\" title=\"\" alt=\"\" loading=\"lazy\" \/>\t\t\t\t\t\t\t\t\t\t\t\t\t\t\t<\/div>\n\t\t\t\t<\/div>\n\t\t\t\t\t<\/div>\n\t\t<\/div>\n\t\t\t\t\t<\/div>\n\t\t<\/section>\n\t\t\t\t<section data-exad-particle-enable=\"false\" class=\"elementor-section elementor-top-section elementor-element elementor-element-43129d7c elementor-section-boxed elementor-section-height-default elementor-section-height-default exad-parallax-effect-no exad-background-color-change-no exad-glass-effect-no exad-sticky-section-no\" data-id=\"43129d7c\" data-element_type=\"section\" data-e-type=\"section\">\n\t\t\t\t\t\t<div class=\"elementor-container elementor-column-gap-default\">\n\t\t\t\t\t<div class=\"elementor-column elementor-col-100 elementor-top-column elementor-element elementor-element-6a2b3899 exad-glass-effect-no exad-sticky-section-no\" data-id=\"6a2b3899\" data-element_type=\"column\" data-e-type=\"column\">\n\t\t\t<div class=\"elementor-widget-wrap elementor-element-populated\">\n\t\t\t\t\t\t<div class=\"elementor-element elementor-element-cf4eda4 exad-sticky-section-no exad-glass-effect-no elementor-widget elementor-widget-heading\" data-id=\"cf4eda4\" data-element_type=\"widget\" data-e-type=\"widget\" data-widget_type=\"heading.default\">\n\t\t\t\t<div class=\"elementor-widget-container\">\n\t\t\t\t\t<h2 class=\"elementor-heading-title elementor-size-default\">Mentions l\u00e9gales<\/h2>\t\t\t\t<\/div>\n\t\t\t\t<\/div>\n\t\t\t\t<div class=\"elementor-element elementor-element-d09e23 exad-sticky-section-no exad-glass-effect-no elementor-widget elementor-widget-image\" data-id=\"d09e23\" data-element_type=\"widget\" data-e-type=\"widget\" data-widget_type=\"image.default\">\n\t\t\t\t<div class=\"elementor-widget-container\">\n\t\t\t\t\t\t\t\t\t\t\t\t\t\t\t<img fetchpriority=\"high\" decoding=\"async\" width=\"1166\" height=\"221\" src=\"https:\/\/camping-lapetitemotte.com\/wp-content\/uploads\/2023\/04\/logo-trait-et-soleil-seul.png\" class=\"attachment-full size-full wp-image-4233\" alt=\"\" srcset=\"https:\/\/camping-lapetitemotte.com\/wp-content\/uploads\/2023\/04\/logo-trait-et-soleil-seul.png.webp 1166w, https:\/\/camping-lapetitemotte.com\/wp-content\/uploads\/2023\/04\/logo-trait-et-soleil-seul-300x57.png.webp 300w, https:\/\/camping-lapetitemotte.com\/wp-content\/uploads\/2023\/04\/logo-trait-et-soleil-seul-1024x194.png.webp 1024w, https:\/\/camping-lapetitemotte.com\/wp-content\/uploads\/2023\/04\/logo-trait-et-soleil-seul-768x146.png.webp 768w, https:\/\/camping-lapetitemotte.com\/wp-content\/uploads\/2023\/04\/logo-trait-et-soleil-seul-18x3.png.webp 18w\" sizes=\"(max-width: 1166px) 100vw, 1166px\" \/>\t\t\t\t\t\t\t\t\t\t\t\t\t\t\t<\/div>\n\t\t\t\t<\/div>\n\t\t\t\t\t<\/div>\n\t\t<\/div>\n\t\t\t\t\t<\/div>\n\t\t<\/section>\n\t\t\t\t<section data-exad-particle-enable=\"false\" class=\"elementor-section elementor-top-section elementor-element elementor-element-22fbbd56 elementor-section-boxed elementor-section-height-default elementor-section-height-default exad-parallax-effect-no exad-background-color-change-no exad-glass-effect-no exad-sticky-section-no\" data-id=\"22fbbd56\" data-element_type=\"section\" data-e-type=\"section\">\n\t\t\t\t\t\t<div class=\"elementor-container elementor-column-gap-default\">\n\t\t\t\t\t<div class=\"elementor-column elementor-col-100 elementor-top-column elementor-element elementor-element-6cab48f1 exad-glass-effect-no exad-sticky-section-no\" data-id=\"6cab48f1\" data-element_type=\"column\" data-e-type=\"column\">\n\t\t\t<div class=\"elementor-widget-wrap elementor-element-populated\">\n\t\t\t\t\t\t<div class=\"elementor-element elementor-element-0a97e22 exad-sticky-section-no exad-glass-effect-no elementor-widget elementor-widget-text-editor\" data-id=\"0a97e22\" data-element_type=\"widget\" data-e-type=\"widget\" data-widget_type=\"text-editor.default\">\n\t\t\t\t<div class=\"elementor-widget-container\">\n\t\t\t\t\t\t\t\t\t<p><span style=\"color: #1871d6;\">Responsable de publication<\/span><\/p>\t\t\t\t\t\t\t\t<\/div>\n\t\t\t\t<\/div>\n\t\t\t\t<div class=\"elementor-element elementor-element-cd3cca4 exad-sticky-section-no exad-glass-effect-no elementor-widget elementor-widget-text-editor\" data-id=\"cd3cca4\" data-element_type=\"widget\" data-e-type=\"widget\" data-widget_type=\"text-editor.default\">\n\t\t\t\t<div class=\"elementor-widget-container\">\n\t\t\t\t\t\t\t\t\t<p><span style=\"color: #808080; font-family: var( --e-global-typography-text-font-family ), Sans-serif; font-weight: var( --e-global-typography-text-font-weight );\">Directeur de la publication : M. Bruno Garancher, Pr\u00e9sident de la FFCC<br \/><\/span><span style=\"color: #808080; font-family: var( --e-global-typography-text-font-family ), Sans-serif; font-weight: var( --e-global-typography-text-font-weight );\">78 rue de Rivoli 75004 PARIS<\/span><\/p>\t\t\t\t\t\t\t\t<\/div>\n\t\t\t\t<\/div>\n\t\t\t\t<div class=\"elementor-element elementor-element-dceb2ca exad-sticky-section-no exad-glass-effect-no elementor-widget elementor-widget-text-editor\" data-id=\"dceb2ca\" data-element_type=\"widget\" data-e-type=\"widget\" data-widget_type=\"text-editor.default\">\n\t\t\t\t<div class=\"elementor-widget-container\">\n\t\t\t\t\t\t\t\t\t<p><span style=\"color: #1871d6;\">Identification de la soci\u00e9t\u00e9<\/span><\/p>\t\t\t\t\t\t\t\t<\/div>\n\t\t\t\t<\/div>\n\t\t\t\t<div class=\"elementor-element elementor-element-dfd08ee exad-sticky-section-no exad-glass-effect-no elementor-widget elementor-widget-text-editor\" data-id=\"dfd08ee\" data-element_type=\"widget\" data-e-type=\"widget\" data-widget_type=\"text-editor.default\">\n\t\t\t\t<div class=\"elementor-widget-container\">\n\t\t\t\t\t\t\t\t\t<p><span style=\"color: #808080;\"><b>Soci\u00e9t\u00e9 :<\/b> FFCC CAMPING LA PETITE MOTTE<br \/><b>Adresse :<\/b> 195 all\u00e9e des Peupliers &#8211; 34280 LA GRANDE MOTTE<br \/><b>T\u00e9l. :<\/b> 04 67 56 54 75<br \/><b>SIRET :<\/b> 775 661 853 001 99<br \/><b>Code NAF :<\/b> 5530Z<br \/><b>TVA Intracommunautaire :<\/b> FR94 775 661 853<\/span><\/p>\t\t\t\t\t\t\t\t<\/div>\n\t\t\t\t<\/div>\n\t\t\t\t<div class=\"elementor-element elementor-element-9465ffb exad-sticky-section-no exad-glass-effect-no elementor-widget elementor-widget-text-editor\" data-id=\"9465ffb\" data-element_type=\"widget\" data-e-type=\"widget\" data-widget_type=\"text-editor.default\">\n\t\t\t\t<div class=\"elementor-widget-container\">\n\t\t\t\t\t\t\t\t\t<p><span style=\"color: #1871d6;\">Propri\u00e9t\u00e9 intellectuelle<\/span><\/p>\t\t\t\t\t\t\t\t<\/div>\n\t\t\t\t<\/div>\n\t\t\t\t<div class=\"elementor-element elementor-element-6e412c1 exad-sticky-section-no exad-glass-effect-no elementor-widget elementor-widget-text-editor\" data-id=\"6e412c1\" data-element_type=\"widget\" data-e-type=\"widget\" data-widget_type=\"text-editor.default\">\n\t\t\t\t<div class=\"elementor-widget-container\">\n\t\t\t\t\t\t\t\t\t<p><span style=\"color: #2c3943;\">L&rsquo;ensemble de ce site est une \u0153uvre de cr\u00e9ation prot\u00e9g\u00e9e par le droit de la propri\u00e9t\u00e9 intellectuelle. Aucune modification de tout ou partie du contenu n\u2019est autoris\u00e9e.<br \/>Sauf autorisation de la FFCC, la reproduction ainsi que l\u2019utilisation du contenu du site, sa duplication, ou sa diffusion sur quelque support que ce soit sont interdites \u00e0 l\u2019exception de la consultation individuelle et priv\u00e9e.<br \/>Dans ce cadre, le contenu du site peut faire l\u2019objet de citations limit\u00e9es \u00e0 condition que le nom de la FFCC soit clairement cit\u00e9.<br \/>Les noms d\u2019entreprises ou d\u2019organismes, de marques, dessins ou mod\u00e8les ou brevets cit\u00e9s dans les contenus et n\u2019appartenant pas \u00e0 la FFCC restent la propri\u00e9t\u00e9 de leurs propri\u00e9taires respectifs.<\/span><\/p>\t\t\t\t\t\t\t\t<\/div>\n\t\t\t\t<\/div>\n\t\t\t\t<div class=\"elementor-element elementor-element-bf83c31 exad-sticky-section-no exad-glass-effect-no elementor-widget elementor-widget-text-editor\" data-id=\"bf83c31\" data-element_type=\"widget\" data-e-type=\"widget\" data-widget_type=\"text-editor.default\">\n\t\t\t\t<div class=\"elementor-widget-container\">\n\t\t\t\t\t\t\t\t\t<p><span style=\"color: #1871d6;\">Contenu<\/span><\/p>\t\t\t\t\t\t\t\t<\/div>\n\t\t\t\t<\/div>\n\t\t\t\t<div class=\"elementor-element elementor-element-e1c9098 exad-sticky-section-no exad-glass-effect-no elementor-widget elementor-widget-text-editor\" data-id=\"e1c9098\" data-element_type=\"widget\" data-e-type=\"widget\" data-widget_type=\"text-editor.default\">\n\t\t\t\t<div class=\"elementor-widget-container\">\n\t\t\t\t\t\t\t\t\t<p>La FFCC est susceptible, sans avertissement pr\u00e9alable de corriger et de modifier le contenu de ce site \u00e0 tout moment. Les informations pr\u00e9sent\u00e9es par le site <a href=\"https:\/\/ffcc.fr\" target=\"_blank\" rel=\"noopener\">ffcc.fr<\/a> ne constituent en aucun cas une offre commerciale ou \u00e0 contracter, ni des conseils ou avis juridiques.<br \/>La FFCC ne garantit en aucune mani\u00e8re l\u2019exactitude ni l\u2019exhaustivit\u00e9 des informations offertes sur <a href=\"https:\/\/ffcc.fr\" target=\"_blank\" rel=\"noopener\">ffcc.fr<\/a>. Le site est susceptible de pr\u00e9senter des impr\u00e9cisions techniques, factuelles ou des erreurs typographiques.<br \/>La FFCC d\u00e9cline toute responsabilit\u00e9 pour tous dommages directs et indirects, quels qu\u2019en soient les causes, origines, nature ou cons\u00e9quence, en raison de l\u2019acc\u00e8s \u00e0 ce site ou de l\u2019impossibilit\u00e9 d\u2019y acc\u00e9der, de m\u00eame que de l\u2019utilisation du site <a href=\"https:\/\/ffcc.fr\" target=\"_blank\" rel=\"noopener\">ffcc.fr<\/a> et\/ou du cr\u00e9dit accord\u00e9 \u00e0 une quelconque information qui en est directement ou indirectement retir\u00e9e.<\/p>\t\t\t\t\t\t\t\t<\/div>\n\t\t\t\t<\/div>\n\t\t\t\t<div class=\"elementor-element elementor-element-8b38bae exad-sticky-section-no exad-glass-effect-no elementor-widget elementor-widget-text-editor\" data-id=\"8b38bae\" data-element_type=\"widget\" data-e-type=\"widget\" data-widget_type=\"text-editor.default\">\n\t\t\t\t<div class=\"elementor-widget-container\">\n\t\t\t\t\t\t\t\t\t<p><span style=\"color: #1871d6;\">Liens externes<\/span><\/p>\t\t\t\t\t\t\t\t<\/div>\n\t\t\t\t<\/div>\n\t\t\t\t<div class=\"elementor-element elementor-element-25739f5 exad-sticky-section-no exad-glass-effect-no elementor-widget elementor-widget-text-editor\" data-id=\"25739f5\" data-element_type=\"widget\" data-e-type=\"widget\" data-widget_type=\"text-editor.default\">\n\t\t\t\t<div class=\"elementor-widget-container\">\n\t\t\t\t\t\t\t\t\t<p>Les liens hypertextes disponibles sur le site du camping la Petite Motte peuvent orienter l\u2019internaute vers des sites ext\u00e9rieurs dont le contenu ne peut en aucune mani\u00e8re engager la responsabilit\u00e9 de la FFCC.<\/p>\t\t\t\t\t\t\t\t<\/div>\n\t\t\t\t<\/div>\n\t\t\t\t<div class=\"elementor-element elementor-element-58effe1 exad-sticky-section-no exad-glass-effect-no elementor-widget elementor-widget-text-editor\" data-id=\"58effe1\" data-element_type=\"widget\" data-e-type=\"widget\" data-widget_type=\"text-editor.default\">\n\t\t\t\t<div class=\"elementor-widget-container\">\n\t\t\t\t\t\t\t\t\t<p><span style=\"color: #1871d6;\">Donn\u00e9es personnelles<\/span><\/p>\t\t\t\t\t\t\t\t<\/div>\n\t\t\t\t<\/div>\n\t\t\t\t<div class=\"elementor-element elementor-element-c80c32e exad-sticky-section-no exad-glass-effect-no elementor-widget elementor-widget-text-editor\" data-id=\"c80c32e\" data-element_type=\"widget\" data-e-type=\"widget\" data-widget_type=\"text-editor.default\">\n\t\t\t\t<div class=\"elementor-widget-container\">\n\t\t\t\t\t\t\t\t\t<p>Conform\u00e9ment \u00e0 la Loi n\u00b078-17 du 6 janvier 1978 relative \u00e0 l\u2019informatique, aux fichiers et aux libert\u00e9s, le site a fait l\u2019objet d\u2019une d\u00e9claration aupr\u00e8s de la CNIL. De plus, tout internaute qui le souhaite dispose d\u2019un droit d\u2019acc\u00e8s et de modification des donn\u00e9es qu\u2019il aura laiss\u00e9es sur ou transmises via le site \u00e0 la FFCC.<\/p>\t\t\t\t\t\t\t\t<\/div>\n\t\t\t\t<\/div>\n\t\t\t\t<div class=\"elementor-element elementor-element-460dd61 exad-sticky-section-no exad-glass-effect-no elementor-widget elementor-widget-text-editor\" data-id=\"460dd61\" data-element_type=\"widget\" data-e-type=\"widget\" data-widget_type=\"text-editor.default\">\n\t\t\t\t<div class=\"elementor-widget-container\">\n\t\t\t\t\t\t\t\t\t<p><span style=\"color: #1871d6;\">Droit applicable<\/span><\/p>\t\t\t\t\t\t\t\t<\/div>\n\t\t\t\t<\/div>\n\t\t\t\t<div class=\"elementor-element elementor-element-f1b9de8 exad-sticky-section-no exad-glass-effect-no elementor-widget elementor-widget-text-editor\" data-id=\"f1b9de8\" data-element_type=\"widget\" data-e-type=\"widget\" data-widget_type=\"text-editor.default\">\n\t\t\t\t<div class=\"elementor-widget-container\">\n\t\t\t\t\t\t\t\t\t<p>Les pr\u00e9sentes conditions g\u00e9n\u00e9rales d\u2019utilisations sont soumises au droit fran\u00e7ais. La langue utilis\u00e9e sur ce site est le fran\u00e7ais. En cas de litige, les tribunaux fran\u00e7ais seront les seuls comp\u00e9tents.<\/p>\t\t\t\t\t\t\t\t<\/div>\n\t\t\t\t<\/div>\n\t\t\t\t<div class=\"elementor-element elementor-element-06138d2 exad-sticky-section-no exad-glass-effect-no elementor-widget elementor-widget-text-editor\" data-id=\"06138d2\" data-element_type=\"widget\" data-e-type=\"widget\" data-widget_type=\"text-editor.default\">\n\t\t\t\t<div class=\"elementor-widget-container\">\n\t\t\t\t\t\t\t\t\t<p><span style=\"color: #1871d6;\">Cr\u00e9dits photos<\/span><\/p>\t\t\t\t\t\t\t\t<\/div>\n\t\t\t\t<\/div>\n\t\t\t\t<div class=\"elementor-element elementor-element-d4f0cb0 exad-sticky-section-no exad-glass-effect-no elementor-widget elementor-widget-text-editor\" data-id=\"d4f0cb0\" data-element_type=\"widget\" data-e-type=\"widget\" data-widget_type=\"text-editor.default\">\n\t\t\t\t<div class=\"elementor-widget-container\">\n\t\t\t\t\t\t\t\t\t<p>Office du Tourisme de la Grande Motte<\/p>\t\t\t\t\t\t\t\t<\/div>\n\t\t\t\t<\/div>\n\t\t\t\t\t<\/div>\n\t\t<\/div>\n\t\t\t\t\t<\/div>\n\t\t<\/section>\n\t\t\t\t<section data-exad-particle-enable=\"false\" class=\"elementor-section elementor-top-section elementor-element elementor-element-58d03a07 elementor-section-full_width elementor-section-height-default elementor-section-height-default exad-parallax-effect-no exad-background-color-change-no exad-glass-effect-no exad-sticky-section-no\" data-id=\"58d03a07\" data-element_type=\"section\" data-e-type=\"section\">\n\t\t\t\t\t\t<div class=\"elementor-container elementor-column-gap-default\">\n\t\t\t\t\t<div class=\"elementor-column elementor-col-100 elementor-top-column elementor-element elementor-element-60047ceb exad-glass-effect-no exad-sticky-section-no\" data-id=\"60047ceb\" data-element_type=\"column\" data-e-type=\"column\">\n\t\t\t<div class=\"elementor-widget-wrap\">\n\t\t\t\t\t\t\t<\/div>\n\t\t<\/div>\n\t\t\t\t\t<\/div>\n\t\t<\/section>\n\t\t\t\t<\/div>\n\t\t","protected":false},"excerpt":{"rendered":"<p>Mentions l\u00e9gales Responsable de publication Directeur de la publication : M. Bruno Garancher, Pr\u00e9sident de la FFCC78 rue de Rivoli 75004 PARIS Identification de la soci\u00e9t\u00e9 Soci\u00e9t\u00e9 : FFCC CAMPING LA PETITE MOTTEAdresse : 195 all\u00e9e des Peupliers &#8211; 34280 LA GRANDE MOTTET\u00e9l. : 04 67 56 54 75SIRET : 775 661 853 001 99Code [&hellip;]<\/p>\n","protected":false},"author":1,"featured_media":0,"parent":0,"menu_order":0,"comment_status":"closed","ping_status":"closed","template":"","meta":{"footnotes":""},"class_list":["post-2273","page","type-page","status-publish","hentry"],"aioseo_notices":[],"_links":{"self":[{"href":"https:\/\/camping-lapetitemotte.com\/fr_fr\/wp-json\/wp\/v2\/pages\/2273"}],"collection":[{"href":"https:\/\/camping-lapetitemotte.com\/fr_fr\/wp-json\/wp\/v2\/pages"}],"about":[{"href":"https:\/\/camping-lapetitemotte.com\/fr_fr\/wp-json\/wp\/v2\/types\/page"}],"author":[{"embeddable":true,"href":"https:\/\/camping-lapetitemotte.com\/fr_fr\/wp-json\/wp\/v2\/users\/1"}],"replies":[{"embeddable":true,"href":"https:\/\/camping-lapetitemotte.com\/fr_fr\/wp-json\/wp\/v2\/comments?post=2273"}],"version-history":[{"count":91,"href":"https:\/\/camping-lapetitemotte.com\/fr_fr\/wp-json\/wp\/v2\/pages\/2273\/revisions"}],"predecessor-version":[{"id":4694,"href":"https:\/\/camping-lapetitemotte.com\/fr_fr\/wp-json\/wp\/v2\/pages\/2273\/revisions\/4694"}],"wp:attachment":[{"href":"https:\/\/camping-lapetitemotte.com\/fr_fr\/wp-json\/wp\/v2\/media?parent=2273"}],"curies":[{"name":"wp","href":"https:\/\/api.w.org\/{rel}","templated":true}]}}