{"id":2273,"date":"2022-04-13T22:07:33","date_gmt":"2022-04-13T22:07:33","guid":{"rendered":"http:\/\/taval.bikebuzzbd.com\/?page_id=3"},"modified":"2023-05-15T15:20:33","modified_gmt":"2023-05-15T13:20:33","slug":"privacy-policy-2","status":"publish","type":"page","link":"https:\/\/camping-lapetitemotte.com\/de\/privacy-policy-2\/","title":{"rendered":"Rechtliche Hinweise"},"content":{"rendered":"<div data-elementor-type=\"wp-page\" data-elementor-id=\"2273\" class=\"elementor elementor-2273\" data-elementor-post-type=\"page\">\n\t\t\t\t\t\t<section data-exad-particle-enable=\"false\" class=\"elementor-section elementor-top-section elementor-element elementor-element-514e615 elementor-section-full_width elementor-section-height-default elementor-section-height-default exad-parallax-effect-no exad-background-color-change-no exad-glass-effect-no exad-sticky-section-no\" data-id=\"514e615\" data-element_type=\"section\" data-e-type=\"section\">\n\t\t\t\t\t\t<div class=\"elementor-container elementor-column-gap-default\">\n\t\t\t\t\t<div class=\"elementor-column elementor-col-100 elementor-top-column elementor-element elementor-element-cfca919 exad-glass-effect-no exad-sticky-section-no\" data-id=\"cfca919\" data-element_type=\"column\" data-e-type=\"column\">\n\t\t\t<div class=\"elementor-widget-wrap elementor-element-populated\">\n\t\t\t\t\t\t<div class=\"elementor-element elementor-element-fe6b3bc exad-sticky-section-no exad-glass-effect-no elementor-widget elementor-widget-image\" data-id=\"fe6b3bc\" data-element_type=\"widget\" data-e-type=\"widget\" data-widget_type=\"image.default\">\n\t\t\t\t<div class=\"elementor-widget-container\">\n\t\t\t\t\t\t\t\t\t\t\t\t\t\t\t<img decoding=\"async\" src=\"http:\/\/camping-lapetitemotte.com\/wp-content\/uploads\/2023\/03\/slide-camping.jpg\" title=\"\" alt=\"\" loading=\"lazy\" \/>\t\t\t\t\t\t\t\t\t\t\t\t\t\t\t<\/div>\n\t\t\t\t<\/div>\n\t\t\t\t\t<\/div>\n\t\t<\/div>\n\t\t\t\t\t<\/div>\n\t\t<\/section>\n\t\t\t\t<section data-exad-particle-enable=\"false\" class=\"elementor-section elementor-top-section elementor-element elementor-element-43129d7c elementor-section-boxed elementor-section-height-default elementor-section-height-default exad-parallax-effect-no exad-background-color-change-no exad-glass-effect-no exad-sticky-section-no\" data-id=\"43129d7c\" data-element_type=\"section\" data-e-type=\"section\">\n\t\t\t\t\t\t<div class=\"elementor-container elementor-column-gap-default\">\n\t\t\t\t\t<div class=\"elementor-column elementor-col-100 elementor-top-column elementor-element elementor-element-6a2b3899 exad-glass-effect-no exad-sticky-section-no\" data-id=\"6a2b3899\" data-element_type=\"column\" data-e-type=\"column\">\n\t\t\t<div class=\"elementor-widget-wrap elementor-element-populated\">\n\t\t\t\t\t\t<div class=\"elementor-element elementor-element-cf4eda4 exad-sticky-section-no exad-glass-effect-no elementor-widget elementor-widget-heading\" data-id=\"cf4eda4\" data-element_type=\"widget\" data-e-type=\"widget\" data-widget_type=\"heading.default\">\n\t\t\t\t<div class=\"elementor-widget-container\">\n\t\t\t\t\t<h2 class=\"elementor-heading-title elementor-size-default\">Rechtliche Hinweise<\/h2>\t\t\t\t<\/div>\n\t\t\t\t<\/div>\n\t\t\t\t<div class=\"elementor-element elementor-element-d09e23 exad-sticky-section-no exad-glass-effect-no elementor-widget elementor-widget-image\" data-id=\"d09e23\" data-element_type=\"widget\" data-e-type=\"widget\" data-widget_type=\"image.default\">\n\t\t\t\t<div class=\"elementor-widget-container\">\n\t\t\t\t\t\t\t\t\t\t\t\t\t\t\t<img fetchpriority=\"high\" decoding=\"async\" width=\"1166\" height=\"221\" src=\"https:\/\/camping-lapetitemotte.com\/wp-content\/uploads\/2023\/04\/logo-trait-et-soleil-seul.png\" class=\"attachment-full size-full wp-image-4233\" alt=\"\" srcset=\"https:\/\/camping-lapetitemotte.com\/wp-content\/uploads\/2023\/04\/logo-trait-et-soleil-seul.png.webp 1166w, https:\/\/camping-lapetitemotte.com\/wp-content\/uploads\/2023\/04\/logo-trait-et-soleil-seul-300x57.png.webp 300w, https:\/\/camping-lapetitemotte.com\/wp-content\/uploads\/2023\/04\/logo-trait-et-soleil-seul-1024x194.png.webp 1024w, https:\/\/camping-lapetitemotte.com\/wp-content\/uploads\/2023\/04\/logo-trait-et-soleil-seul-768x146.png.webp 768w, https:\/\/camping-lapetitemotte.com\/wp-content\/uploads\/2023\/04\/logo-trait-et-soleil-seul-18x3.png.webp 18w\" sizes=\"(max-width: 1166px) 100vw, 1166px\" \/>\t\t\t\t\t\t\t\t\t\t\t\t\t\t\t<\/div>\n\t\t\t\t<\/div>\n\t\t\t\t\t<\/div>\n\t\t<\/div>\n\t\t\t\t\t<\/div>\n\t\t<\/section>\n\t\t\t\t<section data-exad-particle-enable=\"false\" class=\"elementor-section elementor-top-section elementor-element elementor-element-22fbbd56 elementor-section-boxed elementor-section-height-default elementor-section-height-default exad-parallax-effect-no exad-background-color-change-no exad-glass-effect-no exad-sticky-section-no\" data-id=\"22fbbd56\" data-element_type=\"section\" data-e-type=\"section\">\n\t\t\t\t\t\t<div class=\"elementor-container elementor-column-gap-default\">\n\t\t\t\t\t<div class=\"elementor-column elementor-col-100 elementor-top-column elementor-element elementor-element-6cab48f1 exad-glass-effect-no exad-sticky-section-no\" data-id=\"6cab48f1\" data-element_type=\"column\" data-e-type=\"column\">\n\t\t\t<div class=\"elementor-widget-wrap elementor-element-populated\">\n\t\t\t\t\t\t<div class=\"elementor-element elementor-element-0a97e22 exad-sticky-section-no exad-glass-effect-no elementor-widget elementor-widget-text-editor\" data-id=\"0a97e22\" data-element_type=\"widget\" data-e-type=\"widget\" data-widget_type=\"text-editor.default\">\n\t\t\t\t<div class=\"elementor-widget-container\">\n\t\t\t\t\t\t\t\t\t<p><span style=\"color: #1871d6;\">Verantwortlich f\u00fcr die Publikation<\/span><\/p>\t\t\t\t\t\t\t\t<\/div>\n\t\t\t\t<\/div>\n\t\t\t\t<div class=\"elementor-element elementor-element-cd3cca4 exad-sticky-section-no exad-glass-effect-no elementor-widget elementor-widget-text-editor\" data-id=\"cd3cca4\" data-element_type=\"widget\" data-e-type=\"widget\" data-widget_type=\"text-editor.default\">\n\t\t\t\t<div class=\"elementor-widget-container\">\n\t\t\t\t\t\t\t\t\t<p><span style=\"color: #808080; font-family: var( --e-global-typography-text-font-family ), Sans-serif; font-weight: var( --e-global-typography-text-font-weight );\">Leiter der Ver\u00f6ffentlichung: Herr Bruno Garancher, Pr\u00e4sident der FFCC.\n78 rue de Rivoli 75004 PARIS<br \/><\/span><span style=\"color: #808080; font-family: var( --e-global-typography-text-font-family ), Sans-serif; font-weight: var( --e-global-typography-text-font-weight );\">78 rue de Rivoli 75004 PARIS<\/span><\/p>\t\t\t\t\t\t\t\t<\/div>\n\t\t\t\t<\/div>\n\t\t\t\t<div class=\"elementor-element elementor-element-dceb2ca exad-sticky-section-no exad-glass-effect-no elementor-widget elementor-widget-text-editor\" data-id=\"dceb2ca\" data-element_type=\"widget\" data-e-type=\"widget\" data-widget_type=\"text-editor.default\">\n\t\t\t\t<div class=\"elementor-widget-container\">\n\t\t\t\t\t\t\t\t\t<p><span style=\"color: #1871d6;\">Identifikation des Unternehmens<\/span><\/p>\t\t\t\t\t\t\t\t<\/div>\n\t\t\t\t<\/div>\n\t\t\t\t<div class=\"elementor-element elementor-element-dfd08ee exad-sticky-section-no exad-glass-effect-no elementor-widget elementor-widget-text-editor\" data-id=\"dfd08ee\" data-element_type=\"widget\" data-e-type=\"widget\" data-widget_type=\"text-editor.default\">\n\t\t\t\t<div class=\"elementor-widget-container\">\n\t\t\t\t\t\t\t\t\t<p><span style=\"color: #808080;\"><b>Firma:<\/b> FFCC CAMPING LA PETITE MOTTE<br \/><b>Adresse<\/b> 195 all\u00e9e des Peupliers \u2013 34280 LA GRANDE MOTTE<br \/><b>Tel:<\/b> 04 67 56 54 75<br \/><b>SIRET<\/b> 775 661 853 001 99<br \/><b>Naf-Code<\/b> 5530Z<br \/><b>EU-Mehrwertsteuer<\/b> FR94 775 661 853<\/span><\/p>\t\t\t\t\t\t\t\t<\/div>\n\t\t\t\t<\/div>\n\t\t\t\t<div class=\"elementor-element elementor-element-9465ffb exad-sticky-section-no exad-glass-effect-no elementor-widget elementor-widget-text-editor\" data-id=\"9465ffb\" data-element_type=\"widget\" data-e-type=\"widget\" data-widget_type=\"text-editor.default\">\n\t\t\t\t<div class=\"elementor-widget-container\">\n\t\t\t\t\t\t\t\t\t<p><span style=\"color: #1871d6;\">Geistiges Eigentum<\/span><\/p>\t\t\t\t\t\t\t\t<\/div>\n\t\t\t\t<\/div>\n\t\t\t\t<div class=\"elementor-element elementor-element-6e412c1 exad-sticky-section-no exad-glass-effect-no elementor-widget elementor-widget-text-editor\" data-id=\"6e412c1\" data-element_type=\"widget\" data-e-type=\"widget\" data-widget_type=\"text-editor.default\">\n\t\t\t\t<div class=\"elementor-widget-container\">\n\t\t\t\t\t\t\t\t\t<p><span style=\"color: #2c3943;\">L&rsquo;ensemble de ce site est une \u0153uvre de cr\u00e9ation prot\u00e9g\u00e9e par le droit de la propri\u00e9t\u00e9 intellectuelle. Aucune modification de tout ou partie du contenu n\u2019est autoris\u00e9e.<br \/>Ohne Genehmigung der FFCC sind die Vervielf\u00e4ltigung sowie die Nutzung des Inhalts der Website, ihre Vervielf\u00e4ltigung oder ihre Verbreitung auf jedwedem Tr\u00e4ger verboten, mit Ausnahme der individuellen und privaten Konsultation.<br \/>In diesem Rahmen darf der Inhalt der Seite in begrenztem Umfang zitiert werden, sofern der Name der FFCC deutlich genannt wird.<br \/>Die Namen von Unternehmen oder Organisationen, Marken, Designs oder Patente, die in den Inhalten genannt werden und nicht der FFCC geh\u00f6ren, bleiben Eigentum ihrer jeweiligen Besitzer.<\/span><\/p>\t\t\t\t\t\t\t\t<\/div>\n\t\t\t\t<\/div>\n\t\t\t\t<div class=\"elementor-element elementor-element-bf83c31 exad-sticky-section-no exad-glass-effect-no elementor-widget elementor-widget-text-editor\" data-id=\"bf83c31\" data-element_type=\"widget\" data-e-type=\"widget\" data-widget_type=\"text-editor.default\">\n\t\t\t\t<div class=\"elementor-widget-container\">\n\t\t\t\t\t\t\t\t\t<p><span style=\"color: #1871d6;\">Content<\/span><\/p>\t\t\t\t\t\t\t\t<\/div>\n\t\t\t\t<\/div>\n\t\t\t\t<div class=\"elementor-element elementor-element-e1c9098 exad-sticky-section-no exad-glass-effect-no elementor-widget elementor-widget-text-editor\" data-id=\"e1c9098\" data-element_type=\"widget\" data-e-type=\"widget\" data-widget_type=\"text-editor.default\">\n\t\t\t\t<div class=\"elementor-widget-container\">\n\t\t\t\t\t\t\t\t\t<p>Die FFCC kann den Inhalt dieser Website jederzeit ohne vorherige Ank\u00fcndigung korrigieren und \u00e4ndern. Die auf der Website dargestellten Informationen <a href=\"https:\/\/ffcc.fr\" target=\"_blank\" rel=\"noopener\">ffcc.fr<\/a> stellen in keinem Fall ein Angebot zum Handel oder zur Vertragsschlie\u00dfung dar und sind auch keine Rechtsberatung oder -auskunft.<br \/>Die FFCC garantiert in keiner Weise die Richtigkeit oder Vollst\u00e4ndigkeit der Informationen, die angeboten werden auf <a href=\"https:\/\/ffcc.fr\" target=\"_blank\" rel=\"noopener\">ffcc.fr<\/a>. Die Website kann technische oder faktische Ungenauigkeiten oder typografische Fehler enthalten.<br \/>Die FFCC haftet nicht f\u00fcr direkte oder indirekte Sch\u00e4den, unabh\u00e4ngig von Ursache, Ursprung, Art oder Folge, die durch den Zugang zu dieser Website oder die Unm\u00f6glichkeit des Zugangs zu dieser Website sowie durch die Nutzung der Website entstehen. <a href=\"https:\/\/ffcc.fr\" target=\"_blank\" rel=\"noopener\">ffcc.fr<\/a> und\/oder des Vertrauens in irgendeine Information, die direkt oder indirekt daraus entnommen wird.<\/p>\t\t\t\t\t\t\t\t<\/div>\n\t\t\t\t<\/div>\n\t\t\t\t<div class=\"elementor-element elementor-element-8b38bae exad-sticky-section-no exad-glass-effect-no elementor-widget elementor-widget-text-editor\" data-id=\"8b38bae\" data-element_type=\"widget\" data-e-type=\"widget\" data-widget_type=\"text-editor.default\">\n\t\t\t\t<div class=\"elementor-widget-container\">\n\t\t\t\t\t\t\t\t\t<p><span style=\"color: #1871d6;\">Externe Links<\/span><\/p>\t\t\t\t\t\t\t\t<\/div>\n\t\t\t\t<\/div>\n\t\t\t\t<div class=\"elementor-element elementor-element-25739f5 exad-sticky-section-no exad-glass-effect-no elementor-widget elementor-widget-text-editor\" data-id=\"25739f5\" data-element_type=\"widget\" data-e-type=\"widget\" data-widget_type=\"text-editor.default\">\n\t\t\t\t<div class=\"elementor-widget-container\">\n\t\t\t\t\t\t\t\t\t<p>Die auf der Website des Campingplatzes La Petite Motte verf\u00fcgbaren Hypertext-Links k\u00f6nnen den Internetnutzer zu externen Websites f\u00fchren, f\u00fcr deren Inhalt der FFCC in keiner Weise haftbar gemacht werden kann.<\/p>\t\t\t\t\t\t\t\t<\/div>\n\t\t\t\t<\/div>\n\t\t\t\t<div class=\"elementor-element elementor-element-58effe1 exad-sticky-section-no exad-glass-effect-no elementor-widget elementor-widget-text-editor\" data-id=\"58effe1\" data-element_type=\"widget\" data-e-type=\"widget\" data-widget_type=\"text-editor.default\">\n\t\t\t\t<div class=\"elementor-widget-container\">\n\t\t\t\t\t\t\t\t\t<p><span style=\"color: #1871d6;\">Pers\u00f6nliche Daten<\/span><\/p>\t\t\t\t\t\t\t\t<\/div>\n\t\t\t\t<\/div>\n\t\t\t\t<div class=\"elementor-element elementor-element-c80c32e exad-sticky-section-no exad-glass-effect-no elementor-widget elementor-widget-text-editor\" data-id=\"c80c32e\" data-element_type=\"widget\" data-e-type=\"widget\" data-widget_type=\"text-editor.default\">\n\t\t\t\t<div class=\"elementor-widget-container\">\n\t\t\t\t\t\t\t\t\t<p>Gem\u00e4\u00df dem Gesetz Nr. 78-17 vom 6. Januar 1978 \u00fcber Informatik, Dateien und Freiheitsrechte wurde die Website bei der CNIL angemeldet. Dar\u00fcber hinaus hat jeder Internetnutzer, der dies w\u00fcnscht, ein Recht auf Zugang und \u00c4nderung der Daten, die er auf der Website hinterlassen oder \u00fcber die Website an den FFCC \u00fcbermittelt hat.<\/p>\t\t\t\t\t\t\t\t<\/div>\n\t\t\t\t<\/div>\n\t\t\t\t<div class=\"elementor-element elementor-element-460dd61 exad-sticky-section-no exad-glass-effect-no elementor-widget elementor-widget-text-editor\" data-id=\"460dd61\" data-element_type=\"widget\" data-e-type=\"widget\" data-widget_type=\"text-editor.default\">\n\t\t\t\t<div class=\"elementor-widget-container\">\n\t\t\t\t\t\t\t\t\t<p><span style=\"color: #1871d6;\">Anwendbares Recht<\/span><\/p>\t\t\t\t\t\t\t\t<\/div>\n\t\t\t\t<\/div>\n\t\t\t\t<div class=\"elementor-element elementor-element-f1b9de8 exad-sticky-section-no exad-glass-effect-no elementor-widget elementor-widget-text-editor\" data-id=\"f1b9de8\" data-element_type=\"widget\" data-e-type=\"widget\" data-widget_type=\"text-editor.default\">\n\t\t\t\t<div class=\"elementor-widget-container\">\n\t\t\t\t\t\t\t\t\t<p>Die vorliegenden Allgemeinen Nutzungsbedingungen unterliegen dem franz\u00f6sischen Recht. Die auf dieser Website verwendete Sprache ist Franz\u00f6sisch. Im Falle eines Rechtsstreits sind ausschlie\u00dflich die franz\u00f6sischen Gerichte zust\u00e4ndig.<\/p>\t\t\t\t\t\t\t\t<\/div>\n\t\t\t\t<\/div>\n\t\t\t\t<div class=\"elementor-element elementor-element-06138d2 exad-sticky-section-no exad-glass-effect-no elementor-widget elementor-widget-text-editor\" data-id=\"06138d2\" data-element_type=\"widget\" data-e-type=\"widget\" data-widget_type=\"text-editor.default\">\n\t\t\t\t<div class=\"elementor-widget-container\">\n\t\t\t\t\t\t\t\t\t<p><span style=\"color: #1871d6;\">Fotocredits<\/span><\/p>\t\t\t\t\t\t\t\t<\/div>\n\t\t\t\t<\/div>\n\t\t\t\t<div class=\"elementor-element elementor-element-d4f0cb0 exad-sticky-section-no exad-glass-effect-no elementor-widget elementor-widget-text-editor\" data-id=\"d4f0cb0\" data-element_type=\"widget\" data-e-type=\"widget\" data-widget_type=\"text-editor.default\">\n\t\t\t\t<div class=\"elementor-widget-container\">\n\t\t\t\t\t\t\t\t\t<p>Fremdenverkehrsamt von La Grande Motte<\/p>\t\t\t\t\t\t\t\t<\/div>\n\t\t\t\t<\/div>\n\t\t\t\t\t<\/div>\n\t\t<\/div>\n\t\t\t\t\t<\/div>\n\t\t<\/section>\n\t\t\t\t<section data-exad-particle-enable=\"false\" class=\"elementor-section elementor-top-section elementor-element elementor-element-58d03a07 elementor-section-full_width elementor-section-height-default elementor-section-height-default exad-parallax-effect-no exad-background-color-change-no exad-glass-effect-no exad-sticky-section-no\" data-id=\"58d03a07\" data-element_type=\"section\" data-e-type=\"section\">\n\t\t\t\t\t\t<div class=\"elementor-container elementor-column-gap-default\">\n\t\t\t\t\t<div class=\"elementor-column elementor-col-100 elementor-top-column elementor-element elementor-element-60047ceb exad-glass-effect-no exad-sticky-section-no\" data-id=\"60047ceb\" data-element_type=\"column\" data-e-type=\"column\">\n\t\t\t<div class=\"elementor-widget-wrap\">\n\t\t\t\t\t\t\t<\/div>\n\t\t<\/div>\n\t\t\t\t\t<\/div>\n\t\t<\/section>\n\t\t\t\t<\/div>","protected":false},"excerpt":{"rendered":"<p>Mentions l\u00e9gales Responsable de publication Directeur de la publication : M. Bruno Garancher, Pr\u00e9sident de la FFCC78 rue de Rivoli 75004 PARIS Identification de la soci\u00e9t\u00e9 Soci\u00e9t\u00e9 : FFCC CAMPING LA PETITE MOTTEAdresse : 195 all\u00e9e des Peupliers &#8211; 34280 LA GRANDE MOTTET\u00e9l. : 04 67 56 54 75SIRET : 775 661 853 001 99Code [&hellip;]<\/p>\n","protected":false},"author":1,"featured_media":0,"parent":0,"menu_order":0,"comment_status":"closed","ping_status":"closed","template":"","meta":{"footnotes":""},"class_list":["post-2273","page","type-page","status-publish","hentry"],"aioseo_notices":[],"_links":{"self":[{"href":"https:\/\/camping-lapetitemotte.com\/de\/wp-json\/wp\/v2\/pages\/2273"}],"collection":[{"href":"https:\/\/camping-lapetitemotte.com\/de\/wp-json\/wp\/v2\/pages"}],"about":[{"href":"https:\/\/camping-lapetitemotte.com\/de\/wp-json\/wp\/v2\/types\/page"}],"author":[{"embeddable":true,"href":"https:\/\/camping-lapetitemotte.com\/de\/wp-json\/wp\/v2\/users\/1"}],"replies":[{"embeddable":true,"href":"https:\/\/camping-lapetitemotte.com\/de\/wp-json\/wp\/v2\/comments?post=2273"}],"version-history":[{"count":91,"href":"https:\/\/camping-lapetitemotte.com\/de\/wp-json\/wp\/v2\/pages\/2273\/revisions"}],"predecessor-version":[{"id":4694,"href":"https:\/\/camping-lapetitemotte.com\/de\/wp-json\/wp\/v2\/pages\/2273\/revisions\/4694"}],"wp:attachment":[{"href":"https:\/\/camping-lapetitemotte.com\/de\/wp-json\/wp\/v2\/media?parent=2273"}],"curies":[{"name":"wp","href":"https:\/\/api.w.org\/{rel}","templated":true}]}}